{"id":709,"date":"2020-02-29T16:58:46","date_gmt":"2020-02-29T15:58:46","guid":{"rendered":"https:\/\/telltec.ch\/?page_id=709"},"modified":"2020-03-11T06:41:50","modified_gmt":"2020-03-11T05:41:50","slug":"remake-2020","status":"publish","type":"page","link":"https:\/\/telltec.ch\/de\/about\/remake-2020\/","title":{"rendered":"Remake 2020"},"content":{"rendered":"\n<p>Anfang Februar 2020 habe ich den Remake hier gestartet um dem Blog wieder mal einen frischen Anstrich und ein paar neue M\u00f6bel zu verpassen.<\/p>\n\n\n\n<p>Hier der Fortschritt in Bildern:<\/p>\n\n\n\n<ul class=\"wp-block-oacs-slider\" data-autoplay=\"true\" data-speed=\"500\" data-effect=\"scroll\" data-arrows=\"true\" data-dots=\"false\"><li class=\"blocks-gallery-item\"><figure><a href=\"https:\/\/telltec.ch\/wp\/wp-content\/uploads\/2020\/02\/0-1024x535.png\"><img loading=\"lazy\" decoding=\"async\" width=\"1024\" height=\"535\" src=\"https:\/\/telltec.ch\/wp\/wp-content\/uploads\/2020\/02\/0-1024x535.png\" alt=\"\" data-id=\"711\" data-link=\"https:\/\/telltec.ch\/?attachment_id=711\" class=\"wp-image-711\" srcset=\"https:\/\/telltec.ch\/wp\/wp-content\/uploads\/2020\/02\/0-1024x535.png 1024w, https:\/\/telltec.ch\/wp\/wp-content\/uploads\/2020\/02\/0-300x157.png 300w, https:\/\/telltec.ch\/wp\/wp-content\/uploads\/2020\/02\/0-768x402.png 768w, https:\/\/telltec.ch\/wp\/wp-content\/uploads\/2020\/02\/0-1536x803.png 1536w, https:\/\/telltec.ch\/wp\/wp-content\/uploads\/2020\/02\/0.png 1920w\" sizes=\"auto, (max-width: 1024px) 100vw, 1024px\" \/><\/a><figcaption>Altes Theme aus 2012<\/figcaption><\/figure><\/li><li class=\"blocks-gallery-item\"><figure><a href=\"https:\/\/telltec.ch\/wp\/wp-content\/uploads\/2020\/02\/1-1024x535.png\"><img loading=\"lazy\" decoding=\"async\" width=\"1024\" height=\"535\" src=\"https:\/\/telltec.ch\/wp\/wp-content\/uploads\/2020\/02\/1-1024x535.png\" alt=\"\" data-id=\"712\" data-link=\"https:\/\/telltec.ch\/?attachment_id=712\" class=\"wp-image-712\" srcset=\"https:\/\/telltec.ch\/wp\/wp-content\/uploads\/2020\/02\/1-1024x535.png 1024w, https:\/\/telltec.ch\/wp\/wp-content\/uploads\/2020\/02\/1-300x157.png 300w, https:\/\/telltec.ch\/wp\/wp-content\/uploads\/2020\/02\/1-768x402.png 768w, https:\/\/telltec.ch\/wp\/wp-content\/uploads\/2020\/02\/1-1536x803.png 1536w, https:\/\/telltec.ch\/wp\/wp-content\/uploads\/2020\/02\/1.png 1920w\" sizes=\"auto, (max-width: 1024px) 100vw, 1024px\" \/><\/a><figcaption>v1 &#8211; blankes Grundger\u00fcst<\/figcaption><\/figure><\/li><li class=\"blocks-gallery-item\"><figure><a href=\"https:\/\/telltec.ch\/wp\/wp-content\/uploads\/2020\/02\/2-1024x535.png\"><img loading=\"lazy\" decoding=\"async\" width=\"1024\" height=\"535\" src=\"https:\/\/telltec.ch\/wp\/wp-content\/uploads\/2020\/02\/2-1024x535.png\" alt=\"\" data-id=\"713\" data-link=\"https:\/\/telltec.ch\/?attachment_id=713\" class=\"wp-image-713\" srcset=\"https:\/\/telltec.ch\/wp\/wp-content\/uploads\/2020\/02\/2-1024x535.png 1024w, https:\/\/telltec.ch\/wp\/wp-content\/uploads\/2020\/02\/2-300x157.png 300w, https:\/\/telltec.ch\/wp\/wp-content\/uploads\/2020\/02\/2-768x401.png 768w, https:\/\/telltec.ch\/wp\/wp-content\/uploads\/2020\/02\/2-1536x802.png 1536w, https:\/\/telltec.ch\/wp\/wp-content\/uploads\/2020\/02\/2.png 1920w\" sizes=\"auto, (max-width: 1024px) 100vw, 1024px\" \/><\/a><figcaption>v2 &#8211; angenehm simpel<\/figcaption><\/figure><\/li><\/ul>\n\n\n\n<h2 class=\"wp-block-heading\">Changelog<\/h2>\n\n\n\n<div class=\"wp-block-group\"><div class=\"wp-block-group__inner-container is-layout-flow wp-block-group-is-layout-flow\">\n<h3 class=\"wp-block-heading\">v2.2 <em>11. M\u00e4rz 2020<\/em><\/h3>\n\n\n\n<ul class=\"wp-block-list\"><li>Men\u00fc<\/li><\/ul>\n<\/div><\/div>\n\n\n\n<div class=\"wp-block-group\"><div class=\"wp-block-group__inner-container is-layout-flow wp-block-group-is-layout-flow\">\n<h3 class=\"wp-block-heading\">v2 <em>29. Februar 2020<\/em><\/h3>\n\n\n\n<ul class=\"wp-block-list\"><li>Grundlegendes Layout und Design<\/li><li>Prim\u00e4re Schriftart <a href=\"https:\/\/rsms.me\/inter\/\" rel=\"nofollow noopener\" target=\"_blank\">Inter<\/a> und System Font Stack als Fallback.<\/li><li>Kommentare und Kommentar-Formular \u00fcberarbeitet<\/li><li>Responsive Design Anpassungen f\u00fcr mobile und Desktop-Ger\u00e4te<\/li><\/ul>\n<\/div><\/div>\n\n\n\n<div class=\"wp-block-group\"><div class=\"wp-block-group__inner-container is-layout-flow wp-block-group-is-layout-flow\">\n<h3 class=\"wp-block-heading\">v1 <em>4. Februar 2020<\/em><\/h3>\n\n\n\n<ul class=\"wp-block-list\"><li>Grundger\u00fcst WordPress Theme. Gewisse Ans\u00e4tze und Dateien aus den _underscores und TwentyTwenty Themes \u00fcbernommen.<\/li><\/ul>\n<\/div><\/div>\n\n\n\n<p><\/p>\n","protected":false},"excerpt":{"rendered":"<p>Anfang Februar 2020 habe ich den Remake hier gestartet um dem Blog wieder mal einen frischen Anstrich und ein paar neue M\u00f6bel zu verpassen. Hier der Fortschritt in Bildern: Changelog v2.2 11. M\u00e4rz 2020 Men\u00fc v2 29. Februar 2020 Grundlegendes Layout und Design Prim\u00e4re Schriftart Inter und System Font Stack als Fallback. Kommentare und Kommentar-Formular [&hellip;]<\/p>\n","protected":false},"author":1,"featured_media":0,"parent":2,"menu_order":0,"comment_status":"closed","ping_status":"closed","template":"","meta":{"_acf_changed":false,"footnotes":""},"class_list":["post-709","page","type-page","status-publish","hentry"],"acf":[],"_links":{"self":[{"href":"https:\/\/telltec.ch\/de\/wp-json\/wp\/v2\/pages\/709","targetHints":{"allow":["GET"]}}],"collection":[{"href":"https:\/\/telltec.ch\/de\/wp-json\/wp\/v2\/pages"}],"about":[{"href":"https:\/\/telltec.ch\/de\/wp-json\/wp\/v2\/types\/page"}],"author":[{"embeddable":true,"href":"https:\/\/telltec.ch\/de\/wp-json\/wp\/v2\/users\/1"}],"replies":[{"embeddable":true,"href":"https:\/\/telltec.ch\/de\/wp-json\/wp\/v2\/comments?post=709"}],"version-history":[{"count":9,"href":"https:\/\/telltec.ch\/de\/wp-json\/wp\/v2\/pages\/709\/revisions"}],"predecessor-version":[{"id":725,"href":"https:\/\/telltec.ch\/de\/wp-json\/wp\/v2\/pages\/709\/revisions\/725"}],"up":[{"embeddable":true,"href":"https:\/\/telltec.ch\/de\/wp-json\/wp\/v2\/pages\/2"}],"wp:attachment":[{"href":"https:\/\/telltec.ch\/de\/wp-json\/wp\/v2\/media?parent=709"}],"curies":[{"name":"wp","href":"https:\/\/api.w.org\/{rel}","templated":true}]}}